{"id":105,"date":"2023-04-13T13:29:34","date_gmt":"2023-04-13T13:29:34","guid":{"rendered":"https:\/\/fatp.web-carcassonne.com\/?page_id=105"},"modified":"2025-04-23T06:42:48","modified_gmt":"2025-04-23T06:42:48","slug":"appel-a-projet","status":"publish","type":"page","link":"https:\/\/fatp.fr\/index.php\/appel-a-projet\/","title":{"rendered":"Appel \u00e0 projet"},"content":{"rendered":"<p>[et_pb_section fb_built=\u00a0\u00bb1&Prime; _builder_version=\u00a0\u00bb4.20.4&Prime; _module_preset=\u00a0\u00bbdefault\u00a0\u00bb background_color=\u00a0\u00bb#F57F11&Prime; background_image=\u00a0\u00bbhttps:\/\/fatp.fr\/wp-content\/uploads\/2023\/04\/Fond-menu.jpg\u00a0\u00bb background_enable_image=\u00a0\u00bboff\u00a0\u00bb background_position=\u00a0\u00bbcenter_right\u00a0\u00bb custom_padding=\u00a0\u00bb30px||28px|||\u00a0\u00bb background_color_tablet=\u00a0\u00bb#FFFFFF\u00a0\u00bb background_color_phone=\u00a0\u00bb#FFFFFF\u00a0\u00bb background_last_edited=\u00a0\u00bbon|desktop\u00a0\u00bb background_enable_color_tablet=\u00a0\u00bbon\u00a0\u00bb background_enable_color_phone=\u00a0\u00bbon\u00a0\u00bb global_module=\u00a0\u00bb128&Prime; global_colors_info=\u00a0\u00bb{}\u00a0\u00bb][et_pb_row _builder_version=\u00a0\u00bb4.20.4&Prime; _module_preset=\u00a0\u00bbdefault\u00a0\u00bb custom_padding=\u00a0\u00bb30px||10px|||\u00a0\u00bb global_colors_info=\u00a0\u00bb{}\u00a0\u00bb][et_pb_column type=\u00a0\u00bb4_4&Prime; _builder_version=\u00a0\u00bb4.20.4&Prime; _module_preset=\u00a0\u00bbdefault\u00a0\u00bb global_colors_info=\u00a0\u00bb{}\u00a0\u00bb][et_pb_post_title meta=\u00a0\u00bboff\u00a0\u00bb featured_image=\u00a0\u00bboff\u00a0\u00bb _builder_version=\u00a0\u00bb4.20.4&Prime; _module_preset=\u00a0\u00bbdefault\u00a0\u00bb title_font=\u00a0\u00bb|700|||||||\u00a0\u00bb title_text_color=\u00a0\u00bb#9C1006&Prime; text_orientation=\u00a0\u00bbcenter\u00a0\u00bb custom_margin=\u00a0\u00bb0px||||false|false\u00a0\u00bb custom_margin_tablet=\u00a0\u00bb3vh||||false|false\u00a0\u00bb custom_margin_phone=\u00a0\u00bb\u00a0\u00bb custom_margin_last_edited=\u00a0\u00bbon|desktop\u00a0\u00bb custom_padding_tablet=\u00a0\u00bb\u00a0\u00bb custom_padding_phone=\u00a0\u00bb\u00a0\u00bb custom_padding_last_edited=\u00a0\u00bbon|tablet\u00a0\u00bb global_colors_info=\u00a0\u00bb{}\u00a0\u00bb][\/et_pb_post_title][\/et_pb_column][\/et_pb_row][\/et_pb_section][et_pb_section fb_built=\u00a0\u00bb1&Prime; _builder_version=\u00a0\u00bb4.20.4&Prime; _module_preset=\u00a0\u00bbdefault\u00a0\u00bb global_colors_info=\u00a0\u00bb{}\u00a0\u00bb][et_pb_row _builder_version=\u00a0\u00bb4.20.4&Prime; _module_preset=\u00a0\u00bbdefault\u00a0\u00bb custom_margin=\u00a0\u00bb||0px||false|false\u00a0\u00bb custom_padding=\u00a0\u00bb||0px||false|false\u00a0\u00bb global_colors_info=\u00a0\u00bb{}\u00a0\u00bb][et_pb_column type=\u00a0\u00bb4_4&Prime; _builder_version=\u00a0\u00bb4.20.4&Prime; _module_preset=\u00a0\u00bbdefault\u00a0\u00bb global_colors_info=\u00a0\u00bb{}\u00a0\u00bb][et_pb_text _builder_version=\u00a0\u00bb4.20.4&Prime; _module_preset=\u00a0\u00bbdefault\u00a0\u00bb header_2_text_color=\u00a0\u00bb#9C1006&Prime; header_2_font_size=\u00a0\u00bb20px\u00a0\u00bb header_2_line_height=\u00a0\u00bb1.3em\u00a0\u00bb custom_margin=\u00a0\u00bb||23px|||\u00a0\u00bb header_2_font_size_tablet=\u00a0\u00bb18px\u00a0\u00bb header_2_font_size_phone=\u00a0\u00bb16px\u00a0\u00bb header_2_font_size_last_edited=\u00a0\u00bbon|phone\u00a0\u00bb global_colors_info=\u00a0\u00bb{}\u00a0\u00bb]<\/p>\n<h2>Conditions g\u00e9n\u00e9rales et dossier de candidature<\/h2>\n<p>[\/et_pb_text][et_pb_text _builder_version=\u00a0\u00bb4.20.4&Prime; _module_preset=\u00a0\u00bbdefault\u00a0\u00bb header_3_text_color=\u00a0\u00bb#F57F11&Prime; header_3_font_size=\u00a0\u00bb18px\u00a0\u00bb custom_margin=\u00a0\u00bb||14px|||\u00a0\u00bb header_3_font_size_tablet=\u00a0\u00bb16px\u00a0\u00bb header_3_font_size_phone=\u00a0\u00bb14px\u00a0\u00bb header_3_font_size_last_edited=\u00a0\u00bbon|phone\u00a0\u00bb global_colors_info=\u00a0\u00bb{}\u00a0\u00bb]<\/p>\n<h3>APPEL A PROJET 2026-2027<\/h3>\n<p>[\/et_pb_text][et_pb_text _builder_version=\u00a0\u00bb4.20.4&Prime; _module_preset=\u00a0\u00bbdefault\u00a0\u00bb header_4_text_color=\u00a0\u00bb#000000&Prime; text_font_size_tablet=\u00a0\u00bb\u00a0\u00bb text_font_size_phone=\u00a0\u00bb\u00a0\u00bb text_font_size_last_edited=\u00a0\u00bbon|desktop\u00a0\u00bb header_4_font_size_tablet=\u00a0\u00bb16px\u00a0\u00bb header_4_font_size_phone=\u00a0\u00bb14px\u00a0\u00bb header_4_font_size_last_edited=\u00a0\u00bbon|phone\u00a0\u00bb global_colors_info=\u00a0\u00bb{}\u00a0\u00bb]<\/p>\n<h4>en vue du soutien \u00e0 la premi\u00e8re mise en sc\u00e8ne d\u2019un texte d\u2019expression fran\u00e7aise d\u2019un(e) auteur(e) vivant(e).<\/h4>\n<p><em>(apport en coproduction et tourn\u00e9e commune dans le r\u00e9seau ATP)<\/em><\/p>\n<p>[\/et_pb_text][et_pb_text _builder_version=\u00a0\u00bb4.20.4&Prime; _module_preset=\u00a0\u00bbdefault\u00a0\u00bb text_line_height=\u00a0\u00bb1.6em\u00a0\u00bb text_orientation=\u00a0\u00bbjustified\u00a0\u00bb global_colors_info=\u00a0\u00bb{}\u00a0\u00bb]<\/p>\n<p><strong>Chaque ann\u00e9e, la F\u00e9d\u00e9ration d\u2019Associations de Th\u00e9\u00e2tre Populaire [F.A.T.P.] soutient un projet de cr\u00e9ation en diffusant dans son r\u00e9seau la premi\u00e8re mise en sc\u00e8ne en France d\u2019un texte francophone d\u2019un(e) auteur(e) vivant (e).<\/strong><\/p>\n<p>&#8211; Le soutien par la diffusion &#8211; et donc l\u2019achat du spectacle \u2013 se fait dans les diff\u00e9rentes Associations de Th\u00e9\u00e2tre Populaire [A.T.P.], sous r\u00e9serve de disponibilit\u00e9s, notamment des salles. (12 repr\u00e9sentations en moyenne)<\/p>\n<p>&#8211; L\u2019apport de coproduction s\u2019\u00e9l\u00e8ve actuellement \u00e0 20 000 \u20ac. la F\u00e9d\u00e9ration re\u00e7oit \u00e0 cet effet une subvention du Minist\u00e8re de la Culture &#8211; Direction G\u00e9n\u00e9rale de la Cr\u00e9ation Artistique. Ce montant est indiqu\u00e9 sous r\u00e9serve de l\u2019obtention par la FATP de l\u2019aide accord\u00e9e par l\u2019Etat.<\/p>\n<p>Le choix de la F.A.T.P. se porte sur le texte ET le projet. Nous attirons votre attention sur l\u2019importance accord\u00e9e &#8211; outre \u00e0 la lecture du texte &#8211; \u00e0 tous les \u00e9l\u00e9ments concernant la mise en sc\u00e8ne, la sc\u00e9nographie\u2026<\/p>\n<p>[\/et_pb_text][\/et_pb_column][\/et_pb_row][et_pb_row _builder_version=\u00a0\u00bb4.20.4&Prime; _module_preset=\u00a0\u00bbdefault\u00a0\u00bb custom_margin=\u00a0\u00bb||0px||false|false\u00a0\u00bb custom_padding=\u00a0\u00bb||0px||false|false\u00a0\u00bb global_colors_info=\u00a0\u00bb{}\u00a0\u00bb][et_pb_column type=\u00a0\u00bb4_4&Prime; _builder_version=\u00a0\u00bb4.20.4&Prime; _module_preset=\u00a0\u00bbdefault\u00a0\u00bb global_colors_info=\u00a0\u00bb{}\u00a0\u00bb][et_pb_divider _builder_version=\u00a0\u00bb4.20.4&Prime; _module_preset=\u00a0\u00bbdefault\u00a0\u00bb width=\u00a0\u00bb40%\u00a0\u00bb module_alignment=\u00a0\u00bbcenter\u00a0\u00bb custom_margin=\u00a0\u00bb||0px||false|false\u00a0\u00bb custom_padding=\u00a0\u00bb||0px||false|false\u00a0\u00bb global_colors_info=\u00a0\u00bb{}\u00a0\u00bb][\/et_pb_divider][\/et_pb_column][\/et_pb_row][et_pb_row _builder_version=\u00a0\u00bb4.20.4&Prime; _module_preset=\u00a0\u00bbdefault\u00a0\u00bb custom_margin=\u00a0\u00bb-2px||||false|false\u00a0\u00bb custom_padding=\u00a0\u00bb4px||||false|false\u00a0\u00bb global_colors_info=\u00a0\u00bb{}\u00a0\u00bb][et_pb_column type=\u00a0\u00bb4_4&Prime; _builder_version=\u00a0\u00bb4.20.4&Prime; _module_preset=\u00a0\u00bbdefault\u00a0\u00bb global_colors_info=\u00a0\u00bb{}\u00a0\u00bb][et_pb_text _builder_version=\u00a0\u00bb4.20.4&Prime; _module_preset=\u00a0\u00bbdefault\u00a0\u00bb header_3_text_color=\u00a0\u00bb#F57F11&Prime; header_3_font_size=\u00a0\u00bb18px\u00a0\u00bb custom_margin=\u00a0\u00bb||14px|||\u00a0\u00bb header_3_font_size_tablet=\u00a0\u00bb16px\u00a0\u00bb header_3_font_size_phone=\u00a0\u00bb14px\u00a0\u00bb header_3_font_size_last_edited=\u00a0\u00bbon|phone\u00a0\u00bb global_colors_info=\u00a0\u00bb{}\u00a0\u00bb]<\/p>\n<h3>LES CONDITIONS<\/h3>\n<p>[\/et_pb_text][et_pb_text _builder_version=\u00a0\u00bb4.20.4&Prime; _module_preset=\u00a0\u00bbdefault\u00a0\u00bb text_line_height=\u00a0\u00bb1.6em\u00a0\u00bb text_orientation=\u00a0\u00bbjustified\u00a0\u00bb global_colors_info=\u00a0\u00bb{}\u00a0\u00bb]<\/p>\n<p>1 &#8211; <span style=\"text-decoration: underline;\">La date de cr\u00e9ation devra avoir lieu<\/span> au plus tard le 15 janvier 2027 et permettre une tourn\u00e9e entre les mois de janvier et avril 2027 dans les ATP. La tourn\u00e9e dans les ATP du Sud devra pouvoir \u00eatre r\u00e9alis\u00e9e dans une coh\u00e9rence de dates, afin de r\u00e9pondre \u00e0 des exigences d\u2019\u00e9conomie et de d\u00e9veloppement durable.<\/p>\n<p>2 &#8211; <span style=\"text-decoration: underline;\">Les cr\u00e9ations avec un(e) seul(e) interpr\u00e8te et les cr\u00e9ations jeune public, les adaptations et traductions<\/span> ne sont pas accept\u00e9es. S&rsquo;agissant d&rsquo;un soutien aux \u00e9critures dramatiques contemporaines, les s\u00e9lections s&rsquo;attacheront \u00e0 l&rsquo;articulation texte et projet de mise en sc\u00e8ne.<\/p>\n<p>3 &#8211; <span style=\"text-decoration: underline;\">La plupart des ATP ne g\u00e8rent pas de lieu et sont donc tributaires de la disponibilit\u00e9 des salles et des calendriers.<\/span> Les fiches techniques des diff\u00e9rents lieux sont communiqu\u00e9es \u00e0 la compagnie d\u00e8s que le choix du projet soutenu est arr\u00eat\u00e9.<\/p>\n<p>Ainsi, compte-tenu de cette diversit\u00e9 des lieux et des contraintes techniques il est imp\u00e9ratif de remplir les conditions suivantes :<\/p>\n<p>a &#8211; S\u2019adapter aux lieux mis \u00e0 la disposition de chaque ATP. Int\u00e9grer les sp\u00e9cificit\u00e9s techniques <strong>au moment de la conception du d\u00e9cor<\/strong>. Le spectacle devra pouvoir s&rsquo;adapter aux diff\u00e9rentes salles sans que la qualit\u00e9 en soit impact\u00e9e.<\/p>\n<p>b &#8211; Ainsi les dimensions minimum rencontr\u00e9es sont : hauteur 5.37 m\u00e8tres, profondeur 8 m\u00e8tres et ouverture 8 m\u00e8tres, jauge 180 places. L&rsquo;ouverture maximum est de 17,80 m\u00e8tres pour un plateau de 272 m2 et une jauge de 698 places.<\/p>\n<p>c &#8211; Certains lieux n&rsquo;ont pas de cintres, ni de grill technique et les accroches au plafond sont impossibles.<\/p>\n<p>4 &#8211; <span style=\"text-decoration: underline;\">Le montage, la repr\u00e9sentation et le d\u00e9montage doivent se faire dans la journ\u00e9e<\/span> <strong>[3 services maximum].<\/strong><\/p>\n<p>5 \u2013 <span style=\"text-decoration: underline;\">Le prix de cession d\u2019une repr\u00e9sentation<\/span> (hors frais de transport et d\u00e9fraiements) ne devra pas d\u00e9passer pour les associations membres du r\u00e9seau ATP <strong>3.900,00 \u20ac HT<\/strong><\/p>\n<p>6 &#8211; A l\u2019issue de la production, la compagnie fournit \u00e0 la FATP un compte d\u2019exploitation.<\/p>\n<p>[\/et_pb_text][\/et_pb_column][\/et_pb_row][et_pb_row _builder_version=\u00a0\u00bb4.20.4&Prime; _module_preset=\u00a0\u00bbdefault\u00a0\u00bb custom_margin=\u00a0\u00bb||0px||false|false\u00a0\u00bb custom_padding=\u00a0\u00bb||0px||false|false\u00a0\u00bb global_colors_info=\u00a0\u00bb{}\u00a0\u00bb][et_pb_column type=\u00a0\u00bb4_4&Prime; _builder_version=\u00a0\u00bb4.20.4&Prime; _module_preset=\u00a0\u00bbdefault\u00a0\u00bb global_colors_info=\u00a0\u00bb{}\u00a0\u00bb][et_pb_divider _builder_version=\u00a0\u00bb4.20.4&Prime; _module_preset=\u00a0\u00bbdefault\u00a0\u00bb width=\u00a0\u00bb40%\u00a0\u00bb module_alignment=\u00a0\u00bbcenter\u00a0\u00bb custom_margin=\u00a0\u00bb||0px||false|false\u00a0\u00bb custom_padding=\u00a0\u00bb||0px||false|false\u00a0\u00bb global_colors_info=\u00a0\u00bb{}\u00a0\u00bb][\/et_pb_divider][\/et_pb_column][\/et_pb_row][et_pb_row _builder_version=\u00a0\u00bb4.20.4&Prime; _module_preset=\u00a0\u00bbdefault\u00a0\u00bb custom_margin=\u00a0\u00bb-2px||||false|false\u00a0\u00bb custom_padding=\u00a0\u00bb4px||||false|false\u00a0\u00bb global_colors_info=\u00a0\u00bb{}\u00a0\u00bb][et_pb_column type=\u00a0\u00bb4_4&Prime; _builder_version=\u00a0\u00bb4.20.4&Prime; _module_preset=\u00a0\u00bbdefault\u00a0\u00bb global_colors_info=\u00a0\u00bb{}\u00a0\u00bb][et_pb_text _builder_version=\u00a0\u00bb4.20.4&Prime; _module_preset=\u00a0\u00bbdefault\u00a0\u00bb header_3_text_color=\u00a0\u00bb#F57F11&Prime; header_3_font_size=\u00a0\u00bb18px\u00a0\u00bb custom_margin=\u00a0\u00bb||14px|||\u00a0\u00bb header_3_font_size_tablet=\u00a0\u00bb16px\u00a0\u00bb header_3_font_size_phone=\u00a0\u00bb14px\u00a0\u00bb header_3_font_size_last_edited=\u00a0\u00bbon|phone\u00a0\u00bb global_colors_info=\u00a0\u00bb{}\u00a0\u00bb]<\/p>\n<h3>LE CALENDRIER<\/h3>\n<p>[\/et_pb_text][et_pb_text _builder_version=\u00a0\u00bb4.20.4&Prime; _module_preset=\u00a0\u00bbdefault\u00a0\u00bb text_text_color=\u00a0\u00bb#000000&Prime; text_line_height=\u00a0\u00bb1.6em\u00a0\u00bb text_orientation=\u00a0\u00bbjustified\u00a0\u00bb global_colors_info=\u00a0\u00bb{}\u00a0\u00bb]<\/p>\n<p>Les dossiers complets de candidature sont \u00e0 adresser par courriel \u00e0 <a href=\"mailto:federationatp@gmail.com\">federationatp@gmail.com<\/a><br \/>au plus tard le 1 4 septembre de cette ann\u00e9e 2025 \u00e0 minuit. Un accus\u00e9 de r\u00e9ception vous sera adress\u00e9<\/p>\n<p>[\/et_pb_text][et_pb_text _builder_version=\u00a0\u00bb4.20.4&Prime; _module_preset=\u00a0\u00bbdefault\u00a0\u00bb text_text_color=\u00a0\u00bb#000000&Prime; text_line_height=\u00a0\u00bb1.6em\u00a0\u00bb text_orientation=\u00a0\u00bbjustified\u00a0\u00bb global_colors_info=\u00a0\u00bb{}\u00a0\u00bb]<\/p>\n<p>1 &#8211; Le bureau de la F.A.T.P. analyse la recevabilit\u00e9 des projets dans le respect des crit\u00e8res de faisabilit\u00e9 et des conditions fix\u00e9es courant octobre 2025. A ce stade, il ne s&rsquo;agit pas d&rsquo;une s\u00e9lection sur des crit\u00e8res artistiques, mais des crit\u00e8res de faisabilit\u00e9 et de respect des conditions de l&rsquo;appel \u00e0 projet en termes de date de cr\u00e9ation, de conditions financi\u00e8res et techniques notamment. A ce stade, le bureau de la FATP ne justifie pas les choix qui sont les siens.<\/p>\n<p>2 &#8211; Les projets recevables \u00e0 l&rsquo;issue de la premi\u00e8re analyse sont adress\u00e9s \u00e0 chaque association qui, apr\u00e8s examen, adresse \u00e0 la f\u00e9d\u00e9ration la liste des trois projets retenus par ordre de pr\u00e9f\u00e9rence. Les votes sont cumul\u00e9s au niveau national et le bureau f\u00e9d\u00e9ral retient les 3, 4 ou 5 projets arriv\u00e9s en t\u00eate. Les r\u00e9sultats sont connus aux alentours du 20 d\u00e9cembre 2025<\/p>\n<p>3 &#8211; Fin janvier 202 6 , le Centre National des \u00c9critures du Spectacle [C.N.E.S.] et la F.A.T.P. organisent \u00e0 la Chartreuse de Villeneuve-l\u00e8s-Avignon une rencontre o\u00f9 les 3 \u00e0 5 \u00e9quipes retenues sont invit\u00e9es \u00e0 pr\u00e9senter leur projet.<\/p>\n<p>4 &#8211; Les \u00e9quipes participantes [en nombre restreint] auront la possibilit\u00e9 d\u2019\u00eatre accueillies \u00e0 La Chartreuse avant la pr\u00e9sentation, dans des conditions \u00e0 pr\u00e9ciser avec la direction du C.N.E.S.<\/p>\n<p>5 &#8211; Le conseil d\u2019administration de la F.A.T.P. se r\u00e9unit \u00e0 l\u2019issue de ces pr\u00e9sentations et \u00e9changes pour choisir le projet qui sera coproduit. Apr\u00e8s le vote, un seul projet est retenu.<\/p>\n<p>6 &#8211; Les \u00e9quipes sont imm\u00e9diatement inform\u00e9es du r\u00e9sultat de la s\u00e9lection.<\/p>\n<p>7 -La cr\u00e9ation du spectacle doit avoir lieu apr\u00e8s la saison en cours, soit entre juin 2026 et le 15 janvier 2027 et permettre une tourn\u00e9e dans les diff\u00e9rentes A.T.P. entre le mois de janvier 2027 et la fin de la saison 2026\/2027.<\/p>\n<p>[\/et_pb_text][\/et_pb_column][\/et_pb_row][et_pb_row _builder_version=\u00a0\u00bb4.20.4&Prime; _module_preset=\u00a0\u00bbdefault\u00a0\u00bb custom_margin=\u00a0\u00bb||0px||false|false\u00a0\u00bb custom_padding=\u00a0\u00bb||0px||false|false\u00a0\u00bb global_colors_info=\u00a0\u00bb{}\u00a0\u00bb][et_pb_column type=\u00a0\u00bb4_4&Prime; _builder_version=\u00a0\u00bb4.20.4&Prime; _module_preset=\u00a0\u00bbdefault\u00a0\u00bb global_colors_info=\u00a0\u00bb{}\u00a0\u00bb][et_pb_divider _builder_version=\u00a0\u00bb4.20.4&Prime; _module_preset=\u00a0\u00bbdefault\u00a0\u00bb width=\u00a0\u00bb40%\u00a0\u00bb module_alignment=\u00a0\u00bbcenter\u00a0\u00bb custom_margin=\u00a0\u00bb||0px||false|false\u00a0\u00bb custom_padding=\u00a0\u00bb||0px||false|false\u00a0\u00bb global_colors_info=\u00a0\u00bb{}\u00a0\u00bb][\/et_pb_divider][\/et_pb_column][\/et_pb_row][et_pb_row _builder_version=\u00a0\u00bb4.20.4&Prime; _module_preset=\u00a0\u00bbdefault\u00a0\u00bb custom_margin=\u00a0\u00bb-2px||||false|false\u00a0\u00bb custom_padding=\u00a0\u00bb4px||||false|false\u00a0\u00bb global_colors_info=\u00a0\u00bb{}\u00a0\u00bb][et_pb_column type=\u00a0\u00bb4_4&Prime; _builder_version=\u00a0\u00bb4.20.4&Prime; _module_preset=\u00a0\u00bbdefault\u00a0\u00bb global_colors_info=\u00a0\u00bb{}\u00a0\u00bb][et_pb_text _builder_version=\u00a0\u00bb4.20.4&Prime; _module_preset=\u00a0\u00bbdefault\u00a0\u00bb header_3_text_color=\u00a0\u00bb#F57F11&Prime; header_3_font_size=\u00a0\u00bb18px\u00a0\u00bb custom_margin=\u00a0\u00bb||14px|||\u00a0\u00bb header_3_font_size_tablet=\u00a0\u00bb16px\u00a0\u00bb header_3_font_size_phone=\u00a0\u00bb14px\u00a0\u00bb header_3_font_size_last_edited=\u00a0\u00bbon|phone\u00a0\u00bb global_colors_info=\u00a0\u00bb{}\u00a0\u00bb]<\/p>\n<h3>LE PROJET<\/h3>\n<p>[\/et_pb_text][et_pb_text _builder_version=\u00a0\u00bb4.20.4&Prime; _module_preset=\u00a0\u00bbdefault\u00a0\u00bb text_text_color=\u00a0\u00bb#000000&Prime; text_line_height=\u00a0\u00bb1.6em\u00a0\u00bb text_orientation=\u00a0\u00bbjustified\u00a0\u00bb global_colors_info=\u00a0\u00bb{}\u00a0\u00bb]<\/p>\n<p>Par projet, s\u2019entend un dossier comprenant au moins les trois \u00e9l\u00e9ments suivants :<\/p>\n<p>[\/et_pb_text][et_pb_text _builder_version=\u00a0\u00bb4.20.4&Prime; _module_preset=\u00a0\u00bbdefault\u00a0\u00bb text_text_color=\u00a0\u00bb#000000&Prime; text_line_height=\u00a0\u00bb1.6em\u00a0\u00bb text_orientation=\u00a0\u00bbjustified\u00a0\u00bb global_colors_info=\u00a0\u00bb{}\u00a0\u00bb]<\/p>\n<p><strong>1 &#8211; Le texte d\u00e9finitif, en version pagin\u00e9e<\/strong><\/p>\n<p><strong>2 &#8211; Le dossier de production, incluant notamment<\/strong><\/p>\n<p>&#8211; La biographie de l\u2019auteur ;<\/p>\n<p>&#8211; une attestation de l\u2019auteur dat\u00e9e de moins de 3 mois et pr\u00e9cisant que le texte n\u2019a jamais \u00e9t\u00e9 port\u00e9 \u00e0 la sc\u00e8ne ;<\/p>\n<p>&#8211; La note d\u2019intention de mise en sc\u00e8ne [pr\u00e9cisant le rapport \u00e0 l\u2019espace, la sc\u00e9nographie, le son, la vid\u00e9o, les costumes, le type de jeu\u2026] ;<\/p>\n<p>&#8211; Le CV du (de la ) metteur.e en sc\u00e8ne ;<\/p>\n<p>&#8211; La distribution connue ou envisag\u00e9e ;<\/p>\n<p>&#8211; Les \u00e9l\u00e9ments techniques connus ou envisag\u00e9s ;<\/p>\n<p>&#8211; Le budget de production* [hors exploitation] ;<\/p>\n<p>&#8211; Le prix de vente en tourn\u00e9e ATP ;<\/p>\n<p>&#8211; Les p\u00e9riodes de cr\u00e9ation envisag\u00e9es [r\u00e9sidence, date et lieu de la premi\u00e8re] et de tourn\u00e9e<\/p>\n<p><strong>3 &#8211; La fiche synth\u00e9tique et le budget<br \/><\/strong>Pour la fiche synth\u00e9tique et le budget, les \u00e9quipes doivent utiliser les documents types de la FATP \u00e0 t\u00e9l\u00e9charger sur le site fatp.fr<strong><br \/><\/strong><\/p>\n<p>[\/et_pb_text][\/et_pb_column][\/et_pb_row][et_pb_row _builder_version=\u00a0\u00bb4.20.4&Prime; _module_preset=\u00a0\u00bbdefault\u00a0\u00bb background_color=\u00a0\u00bb#A3C2E3&Prime; custom_padding=\u00a0\u00bb20px|20px|20px|20px|true|true\u00a0\u00bb global_colors_info=\u00a0\u00bb{}\u00a0\u00bb][et_pb_column type=\u00a0\u00bb4_4&Prime; _builder_version=\u00a0\u00bb4.20.4&Prime; _module_preset=\u00a0\u00bbdefault\u00a0\u00bb global_colors_info=\u00a0\u00bb{}\u00a0\u00bb][et_pb_text _builder_version=\u00a0\u00bb4.20.4&Prime; _module_preset=\u00a0\u00bbdefault\u00a0\u00bb text_text_color=\u00a0\u00bb#000000&Prime; text_line_height=\u00a0\u00bb1.6em\u00a0\u00bb text_orientation=\u00a0\u00bbjustified\u00a0\u00bb hover_enabled=\u00a0\u00bb0&Prime; global_colors_info=\u00a0\u00bb{}\u00a0\u00bb sticky_enabled=\u00a0\u00bb0&Prime;]<\/p>\n<p>Les matrices pour la fiche synth\u00e9tique et le budget vous seront fournies sous la forme suivante :<\/p>\n<p>1 fichier en word pour la fiche synth\u00e9tique<\/p>\n<p>1 fichier excel pour le budget<\/p>\n<p>Elles sont t\u00e9l\u00e9chargeables ci dessous<\/p>\n<p>[\/et_pb_text][et_pb_button button_url=\u00a0\u00bbhttps:\/\/fatp.fr\/wp-content\/uploads\/2025\/04\/FATP-FICHE-SYNTHETIQUE-appel-a-projet.odt\u00a0\u00bb button_text=\u00a0\u00bbFATP Fiche synth\u00e9thique\u00a0\u00bb button_alignment=\u00a0\u00bbcenter\u00a0\u00bb _builder_version=\u00a0\u00bb4.20.4&Prime; _module_preset=\u00a0\u00bbdefault\u00a0\u00bb hover_enabled=\u00a0\u00bb0&Prime; global_colors_info=\u00a0\u00bb{}\u00a0\u00bb sticky_enabled=\u00a0\u00bb0&Prime; url_new_window=\u00a0\u00bbon\u00a0\u00bb][\/et_pb_button][et_pb_button button_url=\u00a0\u00bbhttps:\/\/fatp.fr\/wp-content\/uploads\/2025\/04\/FATP-MATRICE-BUDGET-COPRODUCTION.ods\u00a0\u00bb button_text=\u00a0\u00bbFATP matrice budget coproduction\u00a0\u00bb button_alignment=\u00a0\u00bbcenter\u00a0\u00bb _builder_version=\u00a0\u00bb4.20.4&Prime; _module_preset=\u00a0\u00bbdefault\u00a0\u00bb hover_enabled=\u00a0\u00bb0&Prime; global_colors_info=\u00a0\u00bb{}\u00a0\u00bb url_new_window=\u00a0\u00bbon\u00a0\u00bb sticky_enabled=\u00a0\u00bb0&Prime;][\/et_pb_button][\/et_pb_column][\/et_pb_row][et_pb_row _builder_version=\u00a0\u00bb4.20.4&Prime; _module_preset=\u00a0\u00bbdefault\u00a0\u00bb global_colors_info=\u00a0\u00bb{}\u00a0\u00bb][et_pb_column type=\u00a0\u00bb4_4&Prime; _builder_version=\u00a0\u00bb4.20.4&Prime; _module_preset=\u00a0\u00bbdefault\u00a0\u00bb global_colors_info=\u00a0\u00bb{}\u00a0\u00bb][et_pb_text _builder_version=\u00a0\u00bb4.20.4&Prime; _module_preset=\u00a0\u00bbdefault\u00a0\u00bb text_text_color=\u00a0\u00bb#000000&Prime; text_line_height=\u00a0\u00bb1.6em\u00a0\u00bb text_orientation=\u00a0\u00bbjustified\u00a0\u00bb global_colors_info=\u00a0\u00bb{}\u00a0\u00bb]<\/p>\n<p><em>*La FATP intervient comme coproducteur, et non pas en producteur unique. Les aides financi\u00e8res doivent \u00eatre bien d\u00e9finies, dans leur \u00e9tat d\u2019instruction. Les bases de calcul des co\u00fbts [dur\u00e9e des r\u00e9p\u00e9titions, nombre et profil des membres de l\u2019\u00e9quipe, r\u00e9mun\u00e9rations et cotisations sociales] bien pr\u00e9cis\u00e9es.<\/em><\/p>\n<p>[\/et_pb_text][\/et_pb_column][\/et_pb_row][et_pb_row _builder_version=\u00a0\u00bb4.20.4&Prime; _module_preset=\u00a0\u00bbdefault\u00a0\u00bb custom_margin=\u00a0\u00bb||0px||false|false\u00a0\u00bb custom_padding=\u00a0\u00bb||0px||false|false\u00a0\u00bb global_colors_info=\u00a0\u00bb{}\u00a0\u00bb][et_pb_column type=\u00a0\u00bb4_4&Prime; _builder_version=\u00a0\u00bb4.20.4&Prime; _module_preset=\u00a0\u00bbdefault\u00a0\u00bb global_colors_info=\u00a0\u00bb{}\u00a0\u00bb][et_pb_divider _builder_version=\u00a0\u00bb4.20.4&Prime; _module_preset=\u00a0\u00bbdefault\u00a0\u00bb width=\u00a0\u00bb40%\u00a0\u00bb module_alignment=\u00a0\u00bbcenter\u00a0\u00bb custom_margin=\u00a0\u00bb||0px||false|false\u00a0\u00bb custom_padding=\u00a0\u00bb||0px||false|false\u00a0\u00bb global_colors_info=\u00a0\u00bb{}\u00a0\u00bb][\/et_pb_divider][\/et_pb_column][\/et_pb_row][et_pb_row _builder_version=\u00a0\u00bb4.20.4&Prime; _module_preset=\u00a0\u00bbdefault\u00a0\u00bb custom_margin=\u00a0\u00bb-2px||||false|false\u00a0\u00bb custom_padding=\u00a0\u00bb4px||||false|false\u00a0\u00bb global_colors_info=\u00a0\u00bb{}\u00a0\u00bb][et_pb_column type=\u00a0\u00bb4_4&Prime; _builder_version=\u00a0\u00bb4.20.4&Prime; _module_preset=\u00a0\u00bbdefault\u00a0\u00bb global_colors_info=\u00a0\u00bb{}\u00a0\u00bb][et_pb_text _builder_version=\u00a0\u00bb4.20.4&Prime; _module_preset=\u00a0\u00bbdefault\u00a0\u00bb header_3_text_color=\u00a0\u00bb#F57F11&Prime; header_3_font_size=\u00a0\u00bb18px\u00a0\u00bb custom_margin=\u00a0\u00bb||14px|||\u00a0\u00bb header_3_font_size_tablet=\u00a0\u00bb16px\u00a0\u00bb header_3_font_size_phone=\u00a0\u00bb14px\u00a0\u00bb header_3_font_size_last_edited=\u00a0\u00bbon|phone\u00a0\u00bb global_colors_info=\u00a0\u00bb{}\u00a0\u00bb]<\/p>\n<h3>ENVOI DU PROJET<\/h3>\n<p>[\/et_pb_text][et_pb_text _builder_version=\u00a0\u00bb4.20.4&Prime; _module_preset=\u00a0\u00bbdefault\u00a0\u00bb text_text_color=\u00a0\u00bb#000000&Prime; text_line_height=\u00a0\u00bb1.6em\u00a0\u00bb text_orientation=\u00a0\u00bbjustified\u00a0\u00bb global_colors_info=\u00a0\u00bb{}\u00a0\u00bb]<\/p>\n<p>Le projet devra nous parvenir par courriel au plus tard<\/p>\n<p>le 14 septembre 2025 \u00e0 minuit \u00e0 federationatp@gmail.com<\/p>\n<p>en pr\u00e9cisant dans l\u2019objet du courriel : FATP + \u00ab titre du projet \u00bb.<\/p>\n<p>Un accus\u00e9 r\u00e9ception sera envoy\u00e9.<\/p>\n<p>Les dossiers qui ne seront pas parvenus totalement compl\u00e9t\u00e9s \u00e0 cette date ne pourront \u00eatre examin\u00e9s.<\/p>\n<p>[\/et_pb_text][et_pb_text _builder_version=\u00a0\u00bb4.20.4&Prime; _module_preset=\u00a0\u00bbdefault\u00a0\u00bb text_text_color=\u00a0\u00bb#000000&Prime; text_line_height=\u00a0\u00bb1.6em\u00a0\u00bb text_orientation=\u00a0\u00bbjustified\u00a0\u00bb global_colors_info=\u00a0\u00bb{}\u00a0\u00bb]<\/p>\n<p>Pour faciliter la circulation par courriel entre les diff\u00e9rentes ATP, votre dossier de retour sera compos\u00e9 de 3 fichiers :<\/p>\n<p>\u00a0&#8211; 1 fichier en PDF pour le texte<\/p>\n<p>\u00a0&#8211; 1 fichier en PDF pour le dossier de production<\/p>\n<p>\u00a0&#8211; 1 fichier PDF pour la fiche synth\u00e9tique et le budget<\/p>\n<p>\u00a0&#8211; 1 attestation de l&rsquo;auteur(e) du texte<\/p>\n<p>[\/et_pb_text][\/et_pb_column][\/et_pb_row][\/et_pb_section]<\/p>\n","protected":false},"excerpt":{"rendered":"<p>Conditions g\u00e9n\u00e9rales et dossier de candidatureAPPEL A PROJET 2026-2027en vue du soutien \u00e0 la premi\u00e8re mise en sc\u00e8ne d\u2019un texte d\u2019expression fran\u00e7aise d\u2019un(e) auteur(e) vivant(e). (apport en coproduction et tourn\u00e9e commune dans le r\u00e9seau ATP)Chaque ann\u00e9e, la F\u00e9d\u00e9ration d\u2019Associations de Th\u00e9\u00e2tre Populaire [F.A.T.P.] soutient un projet de cr\u00e9ation en diffusant dans son r\u00e9seau la premi\u00e8re [&hellip;]<\/p>\n","protected":false},"author":1,"featured_media":0,"parent":0,"menu_order":0,"comment_status":"closed","ping_status":"closed","template":"","meta":{"_et_pb_use_builder":"on","_et_pb_old_content":"","_et_gb_content_width":"","footnotes":""},"class_list":["post-105","page","type-page","status-publish","hentry"],"_links":{"self":[{"href":"https:\/\/fatp.fr\/index.php\/wp-json\/wp\/v2\/pages\/105","targetHints":{"allow":["GET"]}}],"collection":[{"href":"https:\/\/fatp.fr\/index.php\/wp-json\/wp\/v2\/pages"}],"about":[{"href":"https:\/\/fatp.fr\/index.php\/wp-json\/wp\/v2\/types\/page"}],"author":[{"embeddable":true,"href":"https:\/\/fatp.fr\/index.php\/wp-json\/wp\/v2\/users\/1"}],"replies":[{"embeddable":true,"href":"https:\/\/fatp.fr\/index.php\/wp-json\/wp\/v2\/comments?post=105"}],"version-history":[{"count":20,"href":"https:\/\/fatp.fr\/index.php\/wp-json\/wp\/v2\/pages\/105\/revisions"}],"predecessor-version":[{"id":545,"href":"https:\/\/fatp.fr\/index.php\/wp-json\/wp\/v2\/pages\/105\/revisions\/545"}],"wp:attachment":[{"href":"https:\/\/fatp.fr\/index.php\/wp-json\/wp\/v2\/media?parent=105"}],"curies":[{"name":"wp","href":"https:\/\/api.w.org\/{rel}","templated":true}]}}